{"id":3045,"date":"2023-04-18T16:31:34","date_gmt":"2023-04-18T15:31:34","guid":{"rendered":"http:\/\/52.58.53.14\/?page_id=3045"},"modified":"2025-04-14T10:45:53","modified_gmt":"2025-04-14T09:45:53","slug":"news","status":"publish","type":"page","link":"https:\/\/treddy.it\/en\/news\/","title":{"rendered":"News and Updates"},"content":{"rendered":"<div data-elementor-type=\"wp-page\" data-elementor-id=\"3045\" class=\"elementor elementor-3045\">\n\t\t\t\t\t\t<section class=\"elementor-section elementor-top-section elementor-element elementor-element-68b4364 elementor-section-boxed elementor-section-height-default elementor-section-height-default\" data-id=\"68b4364\" data-element_type=\"section\" data-e-type=\"section\">\n\t\t\t\t\t\t<div class=\"elementor-container elementor-column-gap-default\">\n\t\t\t\t\t<div class=\"elementor-column elementor-col-100 elementor-top-column elementor-element elementor-element-62cb927\" data-id=\"62cb927\" data-element_type=\"column\" data-e-type=\"column\">\n\t\t\t<div class=\"elementor-widget-wrap elementor-element-populated\">\n\t\t\t\t\t\t<div class=\"elementor-element elementor-element-24330ff elementor-widget__width-initial elementor-widget elementor-widget-elementskit-heading\" data-id=\"24330ff\" data-element_type=\"widget\" data-e-type=\"widget\" data-widget_type=\"elementskit-heading.default\">\n\t\t\t\t<div class=\"elementor-widget-container\">\n\t\t\t\t\t<div class=\"ekit-wid-con\" ><div class=\"ekit-heading elementskit-section-title-wraper text_left   ekit_heading_tablet-   ekit_heading_mobile-text_center\"><h2 class=\"ekit-heading--title elementskit-section-title  ekit-heading__title-has-border start\">News<\/h2><\/div><\/div>\t\t\t\t<\/div>\n\t\t\t\t<\/div>\n\t\t\t\t<div class=\"elementor-element elementor-element-675e027 elementor-widget elementor-widget-text-editor\" data-id=\"675e027\" data-element_type=\"widget\" data-e-type=\"widget\" data-widget_type=\"text-editor.default\">\n\t\t\t\t<div class=\"elementor-widget-container\">\n\t\t\t\t\t\t\t\t\t<p>Tutte le ultime notizie ed aggiornamenti su Treddy.<\/p>\t\t\t\t\t\t\t\t<\/div>\n\t\t\t\t<\/div>\n\t\t\t\t\t<\/div>\n\t\t<\/div>\n\t\t\t\t\t<\/div>\n\t\t<\/section>\n\t\t\t\t<section class=\"elementor-section elementor-top-section elementor-element elementor-element-ba5ee73 elementor-section-boxed elementor-section-height-default elementor-section-height-default\" data-id=\"ba5ee73\" data-element_type=\"section\" data-e-type=\"section\">\n\t\t\t\t\t\t<div class=\"elementor-container elementor-column-gap-default\">\n\t\t\t\t\t<div class=\"elementor-column elementor-col-100 elementor-top-column elementor-element elementor-element-e9ccaeb\" data-id=\"e9ccaeb\" data-element_type=\"column\" data-e-type=\"column\">\n\t\t\t<div class=\"elementor-widget-wrap elementor-element-populated\">\n\t\t\t\t\t\t<div class=\"elementor-element elementor-element-52832ee elementor-widget elementor-widget-elementskit-blog-posts\" data-id=\"52832ee\" data-element_type=\"widget\" data-e-type=\"widget\" data-widget_type=\"elementskit-blog-posts.default\">\n\t\t\t\t<div class=\"elementor-widget-container\">\n\t\t\t\t\t<div class=\"ekit-wid-con\" >        <div id=\"post-items--52832ee\" class=\"row post-items\">\n                    <div class=\"col-lg-3 col-md-6\">\n\n                                    <div class=\"elementskit-post-image-card\">\n                        <div class=\"elementskit-entry-header\">\n                                                            <a href=\"https:\/\/treddy.it\/en\/treddy-campioni-della-crescita-2025\/\" class=\"elementskit-entry-thumb\">\n                                    <img decoding=\"async\" src=\"https:\/\/treddy.it\/wp-content\/uploads\/2025\/11\/cdc2025.png\" alt=\"Treddy tra i \u201cCampioni della Crescita 2025\u201d\">\n                                <\/a><!-- .elementskit-entry-thumb END -->\n                                                                                                    <div class=\"elementskit-meta-lists\">\n                                        <div class=\"elementskit-single-meta\"><span class=\"elementskit-meta-wraper\"><strong>03<\/strong>Nov<\/span><\/div>\n                                    <\/div>\n                                                                                            \n                            \n\t\t\t\t\t\t\t\t\t\t\t\t\t<\/div><!-- .elementskit-entry-header END -->\n\n\t\t\t\t\t\t<div class=\"elementskit-post-body\">\n\t\t\t\t\t\t\t\t\t\t\t\t\t\t\t\t\t\t\t\t<h2 class=\"entry-title\">\n\t\t\t\t\t<a href=\"https:\/\/treddy.it\/en\/treddy-campioni-della-crescita-2025\/\">\n\t\t\t\t\t\tTreddy tra i \u201cCampioni della Crescita 2025\u201d\t\t\t\t\t<\/a>\n\t\t\t\t<\/h2>\n\t\t\t\t\t\t\t\t\t\t\t\n\t\t\t\t\t\t\t\t\t\t\t\t\t\t\t\t\t\t\t\t\t\t\t\t\t\n\t\t\t\t\t\t\t\t\n\t\t\t\t\t\t\t\t\t\t\t\t\t\t\t\t\t\t\t\t\t\t\t\t\t\t\t\t\t\t\t\t\t\t\t\t\t\t\t<p>Treddy entra nella classifica nazionale &quot;Campioni di Crescita 2025&quot; stilata da Repubblica e ITQF.<\/p>\n\t\t\t\t\t\t\t\t\t\t\t\t\t\t\t\t\t\t\t\t\t\t                                                    <\/div><!-- .elementskit-post-body END -->\n                    <\/div>\n                \n            <\/div>\n                    <div class=\"col-lg-3 col-md-6\">\n\n                                    <div class=\"elementskit-post-image-card\">\n                        <div class=\"elementskit-entry-header\">\n                                                            <a href=\"https:\/\/treddy.it\/en\/treddy-alla-milano-design-week-2025-tutte-le-iniziative\/\" class=\"elementskit-entry-thumb\">\n                                    <img decoding=\"async\" src=\"https:\/\/treddy.it\/wp-content\/uploads\/2025\/04\/Milano-Design-week-Iniziative-1-768x768.jpg\" alt=\"Treddy alla Milano Design Week 2025: tutte le iniziative\">\n                                <\/a><!-- .elementskit-entry-thumb END -->\n                                                                                                    <div class=\"elementskit-meta-lists\">\n                                        <div class=\"elementskit-single-meta\"><span class=\"elementskit-meta-wraper\"><strong>02<\/strong>Apr<\/span><\/div>\n                                    <\/div>\n                                                                                            \n                            \n\t\t\t\t\t\t\t\t\t\t\t\t\t<\/div><!-- .elementskit-entry-header END -->\n\n\t\t\t\t\t\t<div class=\"elementskit-post-body\">\n\t\t\t\t\t\t\t\t\t\t\t\t\t\t\t\t\t\t\t\t<h2 class=\"entry-title\">\n\t\t\t\t\t<a href=\"https:\/\/treddy.it\/en\/treddy-alla-milano-design-week-2025-tutte-le-iniziative\/\">\n\t\t\t\t\t\tTreddy alla Milano Design Week 2025: tutte le iniziative\t\t\t\t\t<\/a>\n\t\t\t\t<\/h2>\n\t\t\t\t\t\t\t\t\t\t\t\n\t\t\t\t\t\t\t\t\t\t\t\t\t\t\t\t\t\t\t\t\t\t\t\t\t\n\t\t\t\t\t\t\t\t\n\t\t\t\t\t\t\t\t\t\t\t\t\t\t\t\t\t\t\t\t\t\t\t\t\t\t\t\t\t\t\t\t\t\t\t\t\t\t\t<p>Scopri le innovative soluzioni di stampa 3D di Treddy alla Milano Design Week 2025: design, arredo e tecnologia per trasformare&hellip;<\/p>\n\t\t\t\t\t\t\t\t\t\t\t\t\t\t\t\t\t\t\t\t\t\t                                                    <\/div><!-- .elementskit-post-body END -->\n                    <\/div>\n                \n            <\/div>\n                    <div class=\"col-lg-3 col-md-6\">\n\n                                    <div class=\"elementskit-post-image-card\">\n                        <div class=\"elementskit-entry-header\">\n                                                            <a href=\"https:\/\/treddy.it\/en\/treddy-tra-le-migliori-aziende-del-sud-italia-un-modello-di-eccellenza-e-innovazione\/\" class=\"elementskit-entry-thumb\">\n                                    <img decoding=\"async\" src=\"https:\/\/treddy.it\/wp-content\/uploads\/2025\/03\/stelle-del-sud-treddy-768x768.webp\" alt=\"Treddy tra le migliori aziende del Sud Italia: un modello di eccellenza e innovazione\">\n                                <\/a><!-- .elementskit-entry-thumb END -->\n                                                                                                    <div class=\"elementskit-meta-lists\">\n                                        <div class=\"elementskit-single-meta\"><span class=\"elementskit-meta-wraper\"><strong>03<\/strong>Mar<\/span><\/div>\n                                    <\/div>\n                                                                                            \n                            \n\t\t\t\t\t\t\t\t\t\t\t\t\t<\/div><!-- .elementskit-entry-header END -->\n\n\t\t\t\t\t\t<div class=\"elementskit-post-body\">\n\t\t\t\t\t\t\t\t\t\t\t\t\t\t\t\t\t\t\t\t<h2 class=\"entry-title\">\n\t\t\t\t\t<a href=\"https:\/\/treddy.it\/en\/treddy-tra-le-migliori-aziende-del-sud-italia-un-modello-di-eccellenza-e-innovazione\/\">\n\t\t\t\t\t\tTreddy tra le migliori aziende del Sud Italia: un modello di eccellenza e innovazione\t\t\t\t\t<\/a>\n\t\t\t\t<\/h2>\n\t\t\t\t\t\t\t\t\t\t\t\n\t\t\t\t\t\t\t\t\t\t\t\t\t\t\t\t\t\t\t\t\t\t\t\t\t\n\t\t\t\t\t\t\t\t\n\t\t\t\t\t\t\t\t\t\t\t\t\t\t\t\t\t\t\t\t\t\t\t\t\t\t\t\t\t\t\t\t\t\t\t\t\t\t\t<p>Scopri perch\u00e9 Treddy \u00e8 una delle migliori aziende del Sud Italia, premiata per la sua eccellenza e innovazione. Scopri la&hellip;<\/p>\n\t\t\t\t\t\t\t\t\t\t\t\t\t\t\t\t\t\t\t\t\t\t                                                    <\/div><!-- .elementskit-post-body END -->\n                    <\/div>\n                \n            <\/div>\n                    <div class=\"col-lg-3 col-md-6\">\n\n                                    <div class=\"elementskit-post-image-card\">\n                        <div class=\"elementskit-entry-header\">\n                                                            <a href=\"https:\/\/treddy.it\/en\/treddy-e-fantic-racing-tecnologia-di-stampa-3d-al-servizio-della-moto2\/\" class=\"elementskit-entry-thumb\">\n                                    <img decoding=\"async\" src=\"https:\/\/treddy.it\/wp-content\/uploads\/2025\/02\/WhatsApp-Image-2025-02-01-at-08.15.03-1-scaled-e1738576080909-768x768.jpeg\" alt=\"Treddy e Fantic Racing: Tecnologia di Stampa 3D al Servizio della Moto2\">\n                                <\/a><!-- .elementskit-entry-thumb END -->\n                                                                                                    <div class=\"elementskit-meta-lists\">\n                                        <div class=\"elementskit-single-meta\"><span class=\"elementskit-meta-wraper\"><strong>03<\/strong>Feb<\/span><\/div>\n                                    <\/div>\n                                                                                            \n                            \n\t\t\t\t\t\t\t\t\t\t\t\t\t<\/div><!-- .elementskit-entry-header END -->\n\n\t\t\t\t\t\t<div class=\"elementskit-post-body\">\n\t\t\t\t\t\t\t\t\t\t\t\t\t\t\t\t\t\t\t\t<h2 class=\"entry-title\">\n\t\t\t\t\t<a href=\"https:\/\/treddy.it\/en\/treddy-e-fantic-racing-tecnologia-di-stampa-3d-al-servizio-della-moto2\/\">\n\t\t\t\t\t\tTreddy e Fantic Racing: Tecnologia di Stampa 3D al Servizio della Moto2\t\t\t\t\t<\/a>\n\t\t\t\t<\/h2>\n\t\t\t\t\t\t\t\t\t\t\t\n\t\t\t\t\t\t\t\t\t\t\t\t\t\t\t\t\t\t\t\t\t\t\t\t\t\n\t\t\t\t\t\t\t\t\n\t\t\t\t\t\t\t\t\t\t\t\t\t\t\t\t\t\t\t\t\t\t\t\t\t\t\t\t\t\t\t\t\t\t\t\t\t\t\t<p>Treddy \u00e8 sponsor e partner tecnico del team Fantic Racing Moto2 per la stagione 2025.<\/p>\n\t\t\t\t\t\t\t\t\t\t\t\t\t\t\t\t\t\t\t\t\t\t                                                    <\/div><!-- .elementskit-post-body END -->\n                    <\/div>\n                \n            <\/div>\n                    <div class=\"col-lg-3 col-md-6\">\n\n                                    <div class=\"elementskit-post-image-card\">\n                        <div class=\"elementskit-entry-header\">\n                                                            <a href=\"https:\/\/treddy.it\/en\/treddy-a-visionaria-2024\/\" class=\"elementskit-entry-thumb\">\n                                    <img decoding=\"async\" src=\"https:\/\/treddy.it\/wp-content\/uploads\/2024\/11\/New-Project.jpg\" alt=\"Treddy a VISIONARIA 2024\">\n                                <\/a><!-- .elementskit-entry-thumb END -->\n                                                                                                    <div class=\"elementskit-meta-lists\">\n                                        <div class=\"elementskit-single-meta\"><span class=\"elementskit-meta-wraper\"><strong>14<\/strong>Nov<\/span><\/div>\n                                    <\/div>\n                                                                                            \n                            \n\t\t\t\t\t\t\t\t\t\t\t\t\t<\/div><!-- .elementskit-entry-header END -->\n\n\t\t\t\t\t\t<div class=\"elementskit-post-body\">\n\t\t\t\t\t\t\t\t\t\t\t\t\t\t\t\t\t\t\t\t<h2 class=\"entry-title\">\n\t\t\t\t\t<a href=\"https:\/\/treddy.it\/en\/treddy-a-visionaria-2024\/\">\n\t\t\t\t\t\tTreddy a VISIONARIA 2024\t\t\t\t\t<\/a>\n\t\t\t\t<\/h2>\n\t\t\t\t\t\t\t\t\t\t\t\n\t\t\t\t\t\t\t\t\t\t\t\t\t\t\t\t\t\t\t\t\t\t\t\t\t\n\t\t\t\t\t\t\t\t\n\t\t\t\t\t\t\t\t\t\t\t\t\t\t\t\t\t\t\t\t\t\t\t\t\t\t\t\t\t\t\t\t\t\t\t\t\t\t\t<p>Treddy ha ideato e realizzato con stampa 3D il nuovo arredo urbano collocato a Pescara in piazza Sacro Cuore e&hellip;<\/p>\n\t\t\t\t\t\t\t\t\t\t\t\t\t\t\t\t\t\t\t\t\t\t                                                    <\/div><!-- .elementskit-post-body END -->\n                    <\/div>\n                \n            <\/div>\n                    <div class=\"col-lg-3 col-md-6\">\n\n                                    <div class=\"elementskit-post-image-card\">\n                        <div class=\"elementskit-entry-header\">\n                                                            <a href=\"https:\/\/treddy.it\/en\/g7-a-pescara-il-nuovo-arredo-urbano-realizzato-da-treddy\/\" class=\"elementskit-entry-thumb\">\n                                    <img decoding=\"async\" src=\"https:\/\/treddy.it\/wp-content\/uploads\/2024\/10\/panchine_pescara_treddy-1-768x768.jpg\" alt=\"Pescara rinasce: il nuovo arredo urbano realizzato da Treddy\">\n                                <\/a><!-- .elementskit-entry-thumb END -->\n                                                                                                    <div class=\"elementskit-meta-lists\">\n                                        <div class=\"elementskit-single-meta\"><span class=\"elementskit-meta-wraper\"><strong>22<\/strong>Oct<\/span><\/div>\n                                    <\/div>\n                                                                                            \n                            \n\t\t\t\t\t\t\t\t\t\t\t\t\t<\/div><!-- .elementskit-entry-header END -->\n\n\t\t\t\t\t\t<div class=\"elementskit-post-body\">\n\t\t\t\t\t\t\t\t\t\t\t\t\t\t\t\t\t\t\t\t<h2 class=\"entry-title\">\n\t\t\t\t\t<a href=\"https:\/\/treddy.it\/en\/g7-a-pescara-il-nuovo-arredo-urbano-realizzato-da-treddy\/\">\n\t\t\t\t\t\tPescara rinasce: il nuovo arredo urbano realizzato da Treddy\t\t\t\t\t<\/a>\n\t\t\t\t<\/h2>\n\t\t\t\t\t\t\t\t\t\t\t\n\t\t\t\t\t\t\t\t\t\t\t\t\t\t\t\t\t\t\t\t\t\t\t\t\t\n\t\t\t\t\t\t\t\t\n\t\t\t\t\t\t\t\t\t\t\t\t\t\t\t\t\t\t\t\t\t\t\t\t\t\t\t\t\t\t\t\t\t\t\t\t\t\t\t<p>Treddy ha ideato e realizzato con stampa 3D il nuovo arredo urbano collocato a Pescara in piazza Sacro Cuore e&hellip;<\/p>\n\t\t\t\t\t\t\t\t\t\t\t\t\t\t\t\t\t\t\t\t\t\t                                                    <\/div><!-- .elementskit-post-body END -->\n                    <\/div>\n                \n            <\/div>\n                    <div class=\"col-lg-3 col-md-6\">\n\n                                    <div class=\"elementskit-post-image-card\">\n                        <div class=\"elementskit-entry-header\">\n                                                            <a href=\"https:\/\/treddy.it\/en\/treddy-al-bimu-2024\/\" class=\"elementskit-entry-thumb\">\n                                    <img decoding=\"async\" src=\"https:\/\/treddy.it\/wp-content\/uploads\/2024\/09\/BIMU-768x768.jpg\" alt=\"Treddy al BiMu 2024: Innovazione nella Stampa 3D e Manifattura Additiva\">\n                                <\/a><!-- .elementskit-entry-thumb END -->\n                                                                                                    <div class=\"elementskit-meta-lists\">\n                                        <div class=\"elementskit-single-meta\"><span class=\"elementskit-meta-wraper\"><strong>30<\/strong>Sep<\/span><\/div>\n                                    <\/div>\n                                                                                            \n                            \n\t\t\t\t\t\t\t\t\t\t\t\t\t<\/div><!-- .elementskit-entry-header END -->\n\n\t\t\t\t\t\t<div class=\"elementskit-post-body\">\n\t\t\t\t\t\t\t\t\t\t\t\t\t\t\t\t\t\t\t\t<h2 class=\"entry-title\">\n\t\t\t\t\t<a href=\"https:\/\/treddy.it\/en\/treddy-al-bimu-2024\/\">\n\t\t\t\t\t\tTreddy al BiMu 2024: Innovazione nella Stampa 3D e Manifattura Additiva\t\t\t\t\t<\/a>\n\t\t\t\t<\/h2>\n\t\t\t\t\t\t\t\t\t\t\t\n\t\t\t\t\t\t\t\t\t\t\t\t\t\t\t\t\t\t\t\t\t\t\t\t\t\n\t\t\t\t\t\t\t\t\n\t\t\t\t\t\t\t\t\t\t\t\t\t\t\t\t\t\t\t\t\t\t\t\t\t\t\t\t\t\t\t\t\t\t\t\t\t\t\t<p>Treddy vi aspetta dal 9 al 12 ottobre 2024 al BiMu, fiera di riferimento del settore manifatturiero, che si terr\u00e0&hellip;<\/p>\n\t\t\t\t\t\t\t\t\t\t\t\t\t\t\t\t\t\t\t\t\t\t                                                    <\/div><!-- .elementskit-post-body END -->\n                    <\/div>\n                \n            <\/div>\n                    <div class=\"col-lg-3 col-md-6\">\n\n                                    <div class=\"elementskit-post-image-card\">\n                        <div class=\"elementskit-entry-header\">\n                                                            <a href=\"https:\/\/treddy.it\/en\/treddy-partner-tecnologico-del-premio-innovazioni\/\" class=\"elementskit-entry-thumb\">\n                                    <img decoding=\"async\" src=\"https:\/\/treddy.it\/wp-content\/uploads\/2024\/09\/InnovAzioni.webp\" alt=\"Treddy Partner Tecnologico del Premio InnovAzioni di Confindustria\">\n                                <\/a><!-- .elementskit-entry-thumb END -->\n                                                                                                    <div class=\"elementskit-meta-lists\">\n                                        <div class=\"elementskit-single-meta\"><span class=\"elementskit-meta-wraper\"><strong>05<\/strong>Sep<\/span><\/div>\n                                    <\/div>\n                                                                                            \n                            \n\t\t\t\t\t\t\t\t\t\t\t\t\t<\/div><!-- .elementskit-entry-header END -->\n\n\t\t\t\t\t\t<div class=\"elementskit-post-body\">\n\t\t\t\t\t\t\t\t\t\t\t\t\t\t\t\t\t\t\t\t<h2 class=\"entry-title\">\n\t\t\t\t\t<a href=\"https:\/\/treddy.it\/en\/treddy-partner-tecnologico-del-premio-innovazioni\/\">\n\t\t\t\t\t\tTreddy Partner Tecnologico del Premio InnovAzioni di Confindustria\t\t\t\t\t<\/a>\n\t\t\t\t<\/h2>\n\t\t\t\t\t\t\t\t\t\t\t\n\t\t\t\t\t\t\t\t\t\t\t\t\t\t\t\t\t\t\t\t\t\t\t\t\t\n\t\t\t\t\t\t\t\t\n\t\t\t\t\t\t\t\t\t\t\t\t\t\t\t\t\t\t\t\t\t\t\t\t\t\t\t\t\t\t\t\t\t\t\t\t\t\t\t<p>Treddy partecipa come partner tecnologico al premio InnovAzioni, un&#039;iniziativa di Confindustria dedicata all&#039;eccellenza nell&#039;innovazione. Utilizzando la nostra avanzata stampa 3D,&hellip;<\/p>\n\t\t\t\t\t\t\t\t\t\t\t\t\t\t\t\t\t\t\t\t\t\t                                                    <\/div><!-- .elementskit-post-body END -->\n                    <\/div>\n                \n            <\/div>\n                    <div class=\"col-lg-3 col-md-6\">\n\n                                    <div class=\"elementskit-post-image-card\">\n                        <div class=\"elementskit-entry-header\">\n                                                            <a href=\"https:\/\/treddy.it\/en\/treddy-e-sponsor-ufficiale-di-nicco23-nel-campionato-sbk\/\" class=\"elementskit-entry-thumb\">\n                                    <img decoding=\"async\" src=\"https:\/\/treddy.it\/wp-content\/uploads\/2024\/07\/Day3_Antonelli_WSS600_R4_Misano-20-768x768.webp\" alt=\"Treddy \u00e8 Sponsor Ufficiale di Nicco23 nel Campionato SBK\">\n                                <\/a><!-- .elementskit-entry-thumb END -->\n                                                                                                    <div class=\"elementskit-meta-lists\">\n                                        <div class=\"elementskit-single-meta\"><span class=\"elementskit-meta-wraper\"><strong>26<\/strong>Jul<\/span><\/div>\n                                    <\/div>\n                                                                                            \n                            \n\t\t\t\t\t\t\t\t\t\t\t\t\t<\/div><!-- .elementskit-entry-header END -->\n\n\t\t\t\t\t\t<div class=\"elementskit-post-body\">\n\t\t\t\t\t\t\t\t\t\t\t\t\t\t\t\t\t\t\t\t<h2 class=\"entry-title\">\n\t\t\t\t\t<a href=\"https:\/\/treddy.it\/en\/treddy-e-sponsor-ufficiale-di-nicco23-nel-campionato-sbk\/\">\n\t\t\t\t\t\tTreddy \u00e8 Sponsor Ufficiale di Nicco23 nel Campionato SBK\t\t\t\t\t<\/a>\n\t\t\t\t<\/h2>\n\t\t\t\t\t\t\t\t\t\t\t\n\t\t\t\t\t\t\t\t\t\t\t\t\t\t\t\t\t\t\t\t\t\t\t\t\t\n\t\t\t\t\t\t\t\t\n\t\t\t\t\t\t\t\t\t\t\t\t\t\t\t\t\t\t\t\t\t\t\t\t\t\t\t\t\t\t\t\t\t\t\t\t\t\t\t<p>Treddy \u00e8 sponsor ufficiale di Niccol\u00f2 Antonelli, Nicco23, pilota SBK di fama internazionale.<\/p>\n\t\t\t\t\t\t\t\t\t\t\t\t\t\t\t\t\t\t\t\t\t\t                                                    <\/div><!-- .elementskit-post-body END -->\n                    <\/div>\n                \n            <\/div>\n                    <div class=\"col-lg-3 col-md-6\">\n\n                                    <div class=\"elementskit-post-image-card\">\n                        <div class=\"elementskit-entry-header\">\n                                                            <a href=\"https:\/\/treddy.it\/en\/additive-days-2024-sulla-strada-del-successo\/\" class=\"elementskit-entry-thumb\">\n                                    <img decoding=\"async\" src=\"https:\/\/treddy.it\/wp-content\/uploads\/2024\/07\/additive-Days-768x768.webp\" alt=\"Additive Days 2024: Treddy accoglie l&#8217;Avanguardia della Stampa 3D\">\n                                <\/a><!-- .elementskit-entry-thumb END -->\n                                                                                                    <div class=\"elementskit-meta-lists\">\n                                        <div class=\"elementskit-single-meta\"><span class=\"elementskit-meta-wraper\"><strong>15<\/strong>Jul<\/span><\/div>\n                                    <\/div>\n                                                                                            \n                            \n\t\t\t\t\t\t\t\t\t\t\t\t\t<\/div><!-- .elementskit-entry-header END -->\n\n\t\t\t\t\t\t<div class=\"elementskit-post-body\">\n\t\t\t\t\t\t\t\t\t\t\t\t\t\t\t\t\t\t\t\t<h2 class=\"entry-title\">\n\t\t\t\t\t<a href=\"https:\/\/treddy.it\/en\/additive-days-2024-sulla-strada-del-successo\/\">\n\t\t\t\t\t\tAdditive Days 2024: Treddy accoglie l&#8217;Avanguardia della Stampa 3D\t\t\t\t\t<\/a>\n\t\t\t\t<\/h2>\n\t\t\t\t\t\t\t\t\t\t\t\n\t\t\t\t\t\t\t\t\t\t\t\t\t\t\t\t\t\t\t\t\t\t\t\t\t\n\t\t\t\t\t\t\t\t\n\t\t\t\t\t\t\t\t\t\t\t\t\t\t\t\t\t\t\t\t\t\t\t\t\t\t\t\t\t\t\t\t\t\t\t\t\t\t\t<p>Un altro anno di successo per gli Additive Days di Treddy, con ospiti di eccezione, aziende internazionali e la migliore&hellip;<\/p>\n\t\t\t\t\t\t\t\t\t\t\t\t\t\t\t\t\t\t\t\t\t\t                                                    <\/div><!-- .elementskit-post-body END -->\n                    <\/div>\n                \n            <\/div>\n                    <div class=\"col-lg-3 col-md-6\">\n\n                                    <div class=\"elementskit-post-image-card\">\n                        <div class=\"elementskit-entry-header\">\n                                                            <a href=\"https:\/\/treddy.it\/en\/4-e-5-luglio-tornano-gli-additive-days\/\" class=\"elementskit-entry-thumb\">\n                                    <img decoding=\"async\" src=\"https:\/\/treddy.it\/wp-content\/uploads\/2024\/06\/Post-Social-1-768x768.jpg\" alt=\"4 e 5 Luglio tornano gli Additive Days!\">\n                                <\/a><!-- .elementskit-entry-thumb END -->\n                                                                                                    <div class=\"elementskit-meta-lists\">\n                                        <div class=\"elementskit-single-meta\"><span class=\"elementskit-meta-wraper\"><strong>07<\/strong>Jun<\/span><\/div>\n                                    <\/div>\n                                                                                            \n                            \n\t\t\t\t\t\t\t\t\t\t\t\t\t<\/div><!-- .elementskit-entry-header END -->\n\n\t\t\t\t\t\t<div class=\"elementskit-post-body\">\n\t\t\t\t\t\t\t\t\t\t\t\t\t\t\t\t\t\t\t\t<h2 class=\"entry-title\">\n\t\t\t\t\t<a href=\"https:\/\/treddy.it\/en\/4-e-5-luglio-tornano-gli-additive-days\/\">\n\t\t\t\t\t\t4 e 5 Luglio tornano gli Additive Days!\t\t\t\t\t<\/a>\n\t\t\t\t<\/h2>\n\t\t\t\t\t\t\t\t\t\t\t\n\t\t\t\t\t\t\t\t\t\t\t\t\t\t\t\t\t\t\t\t\t\t\t\t\t\n\t\t\t\t\t\t\t\t\n\t\t\t\t\t\t\t\t\t\t\t\t\t\t\t\t\t\t\t\t\t\t\t\t\t\t\t\t\t\t\t\t\t\t\t\t\t\t\t<p>Liberate l&#039;agenda, il 4 e 5 luglio tornano gli Additive Days nella loro quarta edizione!<\/p>\n\t\t\t\t\t\t\t\t\t\t\t\t\t\t\t\t\t\t\t\t\t\t                                                    <\/div><!-- .elementskit-post-body END -->\n                    <\/div>\n                \n            <\/div>\n                    <div class=\"col-lg-3 col-md-6\">\n\n                                    <div class=\"elementskit-post-image-card\">\n                        <div class=\"elementskit-entry-header\">\n                                                            <a href=\"https:\/\/treddy.it\/en\/inaugurazione-sede-milano\/\" class=\"elementskit-entry-thumb\">\n                                    <img decoding=\"async\" src=\"https:\/\/treddy.it\/wp-content\/uploads\/2024\/05\/ADS-inaugurazione-milano-2-768x768.jpg\" alt=\"29 Maggio: inaugurazione nuova sede Treddy Milano\">\n                                <\/a><!-- .elementskit-entry-thumb END -->\n                                                                                                    <div class=\"elementskit-meta-lists\">\n                                        <div class=\"elementskit-single-meta\"><span class=\"elementskit-meta-wraper\"><strong>15<\/strong>May<\/span><\/div>\n                                    <\/div>\n                                                                                            \n                            \n\t\t\t\t\t\t\t\t\t\t\t\t\t<\/div><!-- .elementskit-entry-header END -->\n\n\t\t\t\t\t\t<div class=\"elementskit-post-body\">\n\t\t\t\t\t\t\t\t\t\t\t\t\t\t\t\t\t\t\t\t<h2 class=\"entry-title\">\n\t\t\t\t\t<a href=\"https:\/\/treddy.it\/en\/inaugurazione-sede-milano\/\">\n\t\t\t\t\t\t29 Maggio: inaugurazione nuova sede Treddy Milano\t\t\t\t\t<\/a>\n\t\t\t\t<\/h2>\n\t\t\t\t\t\t\t\t\t\t\t\n\t\t\t\t\t\t\t\t\t\t\t\t\t\t\t\t\t\t\t\t\t\t\t\t\t\n\t\t\t\t\t\t\t\t\n\t\t\t\t\t\t\t\t\t\t\t\t\t\t\t\t\t\t\t\t\t\t\t\t\t\t\t\t\t\t\t\t\t\t\t\t\t\t\t<p>Siamo entusiasti di annunciare la tanto attesa apertura della nostra nuova sede commerciale a Milano! Prenota la tua visita gratuita&hellip;<\/p>\n\t\t\t\t\t\t\t\t\t\t\t\t\t\t\t\t\t\t\t\t\t\t                                                    <\/div><!-- .elementskit-post-body END -->\n                    <\/div>\n                \n            <\/div>\n                    <div class=\"col-lg-3 col-md-6\">\n\n                                    <div class=\"elementskit-post-image-card\">\n                        <div class=\"elementskit-entry-header\">\n                                                            <a href=\"https:\/\/treddy.it\/en\/treddy-diventa-partner-tecnologico-del-team-racing-delluniversita-di-bologna\/\" class=\"elementskit-entry-thumb\">\n                                    <img decoding=\"async\" src=\"https:\/\/treddy.it\/wp-content\/uploads\/2024\/04\/unibo-768x768.jpg\" alt=\"Treddy diventa partner tecnologico del Team Racing dell&#8217;Universit\u00e0 di Bologna\">\n                                <\/a><!-- .elementskit-entry-thumb END -->\n                                                                                                    <div class=\"elementskit-meta-lists\">\n                                        <div class=\"elementskit-single-meta\"><span class=\"elementskit-meta-wraper\"><strong>19<\/strong>Apr<\/span><\/div>\n                                    <\/div>\n                                                                                            \n                            \n\t\t\t\t\t\t\t\t\t\t\t\t\t<\/div><!-- .elementskit-entry-header END -->\n\n\t\t\t\t\t\t<div class=\"elementskit-post-body\">\n\t\t\t\t\t\t\t\t\t\t\t\t\t\t\t\t\t\t\t\t<h2 class=\"entry-title\">\n\t\t\t\t\t<a href=\"https:\/\/treddy.it\/en\/treddy-diventa-partner-tecnologico-del-team-racing-delluniversita-di-bologna\/\">\n\t\t\t\t\t\tTreddy diventa partner tecnologico del Team Racing dell&#8217;Universit\u00e0 di Bologna\t\t\t\t\t<\/a>\n\t\t\t\t<\/h2>\n\t\t\t\t\t\t\t\t\t\t\t\n\t\t\t\t\t\t\t\t\t\t\t\t\t\t\t\t\t\t\t\t\t\t\t\t\t\n\t\t\t\t\t\t\t\t\n\t\t\t\t\t\t\t\t\t\t\t\t\t\t\t\t\t\t\t\t\t\t\t\t\t\t\t\t\t\t\t\t\t\t\t\t\t\t\t<p>La Stampa 3D industriale di Treddy per raggiungere prestazioni superiori: queste le basi per la partnership con l\u2019Universit\u00e0 di Bologna&hellip;<\/p>\n\t\t\t\t\t\t\t\t\t\t\t\t\t\t\t\t\t\t\t\t\t\t                                                    <\/div><!-- .elementskit-post-body END -->\n                    <\/div>\n                \n            <\/div>\n                    <div class=\"col-lg-3 col-md-6\">\n\n                                    <div class=\"elementskit-post-image-card\">\n                        <div class=\"elementskit-entry-header\">\n                                                            <a href=\"https:\/\/treddy.it\/en\/divulgazione-e-istruzione-treddy-accoglie-gli-studenti-dellistituto-amedeo-daosta\/\" class=\"elementskit-entry-thumb\">\n                                    <img decoding=\"async\" src=\"https:\/\/treddy.it\/wp-content\/uploads\/2024\/02\/visita-treddy.webp\" alt=\"Divulgazione e Istruzione: Treddy accoglie gli studenti dell&#8217;istituto &#8220;Amedeo D&#8217;Aosta&#8221;\">\n                                <\/a><!-- .elementskit-entry-thumb END -->\n                                                                                                    <div class=\"elementskit-meta-lists\">\n                                        <div class=\"elementskit-single-meta\"><span class=\"elementskit-meta-wraper\"><strong>27<\/strong>Feb<\/span><\/div>\n                                    <\/div>\n                                                                                            \n                            \n\t\t\t\t\t\t\t\t\t\t\t\t\t<\/div><!-- .elementskit-entry-header END -->\n\n\t\t\t\t\t\t<div class=\"elementskit-post-body\">\n\t\t\t\t\t\t\t\t\t\t\t\t\t\t\t\t\t\t\t\t<h2 class=\"entry-title\">\n\t\t\t\t\t<a href=\"https:\/\/treddy.it\/en\/divulgazione-e-istruzione-treddy-accoglie-gli-studenti-dellistituto-amedeo-daosta\/\">\n\t\t\t\t\t\tDivulgazione e Istruzione: Treddy accoglie gli studenti dell&#8217;istituto &#8220;Amedeo D&#8217;Aosta&#8221;\t\t\t\t\t<\/a>\n\t\t\t\t<\/h2>\n\t\t\t\t\t\t\t\t\t\t\t\n\t\t\t\t\t\t\t\t\t\t\t\t\t\t\t\t\t\t\t\t\t\t\t\t\t\n\t\t\t\t\t\t\t\t\n\t\t\t\t\t\t\t\t\t\t\t\t\t\t\t\t\t\t\t\t\t\t\t\t\t\t\t\t\t\t\t\t\t\t\t\t\t\t\t<p>Luned\u00ec 26 febbraio treddy accoglie i ragazzi dell&#039;stituto tecnico superiore dell&#039;Aquila &quot;Amedeo D&#039;Aosta&quot; per una visita didattica.<\/p>\n\t\t\t\t\t\t\t\t\t\t\t\t\t\t\t\t\t\t\t\t\t\t                                                    <\/div><!-- .elementskit-post-body END -->\n                    <\/div>\n                \n            <\/div>\n                    <div class=\"col-lg-3 col-md-6\">\n\n                                    <div class=\"elementskit-post-image-card\">\n                        <div class=\"elementskit-entry-header\">\n                                                            <a href=\"https:\/\/treddy.it\/en\/13-febbraio-treddy-incontra-il-ministro-locatelli\/\" class=\"elementskit-entry-thumb\">\n                                    <img decoding=\"async\" src=\"https:\/\/treddy.it\/wp-content\/uploads\/2024\/02\/Ministro-Disabilita.jpg\" alt=\"13 Febbraio: Treddy incontra il Ministro Locatelli\">\n                                <\/a><!-- .elementskit-entry-thumb END -->\n                                                                                                    <div class=\"elementskit-meta-lists\">\n                                        <div class=\"elementskit-single-meta\"><span class=\"elementskit-meta-wraper\"><strong>15<\/strong>Feb<\/span><\/div>\n                                    <\/div>\n                                                                                            \n                            \n\t\t\t\t\t\t\t\t\t\t\t\t\t<\/div><!-- .elementskit-entry-header END -->\n\n\t\t\t\t\t\t<div class=\"elementskit-post-body\">\n\t\t\t\t\t\t\t\t\t\t\t\t\t\t\t\t\t\t\t\t<h2 class=\"entry-title\">\n\t\t\t\t\t<a href=\"https:\/\/treddy.it\/en\/13-febbraio-treddy-incontra-il-ministro-locatelli\/\">\n\t\t\t\t\t\t13 Febbraio: Treddy incontra il Ministro Locatelli\t\t\t\t\t<\/a>\n\t\t\t\t<\/h2>\n\t\t\t\t\t\t\t\t\t\t\t\n\t\t\t\t\t\t\t\t\t\t\t\t\t\t\t\t\t\t\t\t\t\t\t\t\t\n\t\t\t\t\t\t\t\t\n\t\t\t\t\t\t\t\t\t\t\t\t\t\t\t\t\t\t\t\t\t\t\t\t\t\t\t\t\t\t\t\t\t\t\t\t\t\t\t<p>Marted\u00ec 13 Febbraio Treddy \u00e8 stata ospite dell&#039;On. Alessandra Locatelli, Ministro per le Disabilit\u00e0 della Repubblica Italiana.<\/p>\n\t\t\t\t\t\t\t\t\t\t\t\t\t\t\t\t\t\t\t\t\t\t                                                    <\/div><!-- .elementskit-post-body END -->\n                    <\/div>\n                \n            <\/div>\n                    <div class=\"col-lg-3 col-md-6\">\n\n                                    <div class=\"elementskit-post-image-card\">\n                        <div class=\"elementskit-entry-header\">\n                                                            <a href=\"https:\/\/treddy.it\/en\/6-febbraio-inaugurazione-mostra-dartedalle-origini-al-futuro-della-stampa-3d\/\" class=\"elementskit-entry-thumb\">\n                                    <img decoding=\"async\" src=\"https:\/\/treddy.it\/wp-content\/uploads\/2024\/01\/Mauro-Cavina-presenta-768x768.jpg\" alt=\"6 Febbraio: Inaugurazione Mostra d&#8217;Arte&#8221;Dalle Origini al Futuro della Stampa 3D&#8221;\">\n                                <\/a><!-- .elementskit-entry-thumb END -->\n                                                                                                    <div class=\"elementskit-meta-lists\">\n                                        <div class=\"elementskit-single-meta\"><span class=\"elementskit-meta-wraper\"><strong>29<\/strong>Jan<\/span><\/div>\n                                    <\/div>\n                                                                                            \n                            \n\t\t\t\t\t\t\t\t\t\t\t\t\t<\/div><!-- .elementskit-entry-header END -->\n\n\t\t\t\t\t\t<div class=\"elementskit-post-body\">\n\t\t\t\t\t\t\t\t\t\t\t\t\t\t\t\t\t\t\t\t<h2 class=\"entry-title\">\n\t\t\t\t\t<a href=\"https:\/\/treddy.it\/en\/6-febbraio-inaugurazione-mostra-dartedalle-origini-al-futuro-della-stampa-3d\/\">\n\t\t\t\t\t\t6 Febbraio: Inaugurazione Mostra d&#8217;Arte&#8221;Dalle Origini al Futuro della Stampa 3D&#8221;\t\t\t\t\t<\/a>\n\t\t\t\t<\/h2>\n\t\t\t\t\t\t\t\t\t\t\t\n\t\t\t\t\t\t\t\t\t\t\t\t\t\t\t\t\t\t\t\t\t\t\t\t\t\n\t\t\t\t\t\t\t\t\n\t\t\t\t\t\t\t\t\t\t\t\t\t\t\t\t\t\t\t\t\t\t\t\t\t\t\t\t\t\t\t\t\t\t\t\t\t\t\t<p>Il 6 Febbraio Treddy presenta la mostra d&#039;arte personale di Mauro Cavina &quot;Dalle origini al futuro della stampa 3D&quot; presso&hellip;<\/p>\n\t\t\t\t\t\t\t\t\t\t\t\t\t\t\t\t\t\t\t\t\t\t                                                    <\/div><!-- .elementskit-post-body END -->\n                    <\/div>\n                \n            <\/div>\n                    <div class=\"col-lg-3 col-md-6\">\n\n                                    <div class=\"elementskit-post-image-card\">\n                        <div class=\"elementskit-entry-header\">\n                                                            <a href=\"https:\/\/treddy.it\/en\/gennaio-2024-treddy-in-senato-per-il-progetto-salvator-mundi-e-carta-internazionale-della-pace\/\" class=\"elementskit-entry-thumb\">\n                                    <img decoding=\"async\" src=\"https:\/\/treddy.it\/wp-content\/uploads\/2024\/01\/Treddy-Senato-768x768.jpg\" alt=\"Gennaio 2024: Treddy in Senato per il progetto Salvator Mundi e Carta Internazionale della Pace\">\n                                <\/a><!-- .elementskit-entry-thumb END -->\n                                                                                                    <div class=\"elementskit-meta-lists\">\n                                        <div class=\"elementskit-single-meta\"><span class=\"elementskit-meta-wraper\"><strong>22<\/strong>Jan<\/span><\/div>\n                                    <\/div>\n                                                                                            \n                            \n\t\t\t\t\t\t\t\t\t\t\t\t\t<\/div><!-- .elementskit-entry-header END -->\n\n\t\t\t\t\t\t<div class=\"elementskit-post-body\">\n\t\t\t\t\t\t\t\t\t\t\t\t\t\t\t\t\t\t\t\t<h2 class=\"entry-title\">\n\t\t\t\t\t<a href=\"https:\/\/treddy.it\/en\/gennaio-2024-treddy-in-senato-per-il-progetto-salvator-mundi-e-carta-internazionale-della-pace\/\">\n\t\t\t\t\t\tGennaio 2024: Treddy in Senato per il progetto Salvator Mundi e Carta Internazionale della Pace\t\t\t\t\t<\/a>\n\t\t\t\t<\/h2>\n\t\t\t\t\t\t\t\t\t\t\t\n\t\t\t\t\t\t\t\t\t\t\t\t\t\t\t\t\t\t\t\t\t\t\t\t\t\n\t\t\t\t\t\t\t\t\n\t\t\t\t\t\t\t\t\t\t\t\t\t\t\t\t\t\t\t\t\t\t\t\t\t\t\t\t\t\t\t\t\t\t\t\t\t\t\t<p>Treddy si ferma per una pausa natalizia. Ci rivediamo il 2 gennaio 2024!<\/p>\n\t\t\t\t\t\t\t\t\t\t\t\t\t\t\t\t\t\t\t\t\t\t                                                    <\/div><!-- .elementskit-post-body END -->\n                    <\/div>\n                \n            <\/div>\n                    <div class=\"col-lg-3 col-md-6\">\n\n                                    <div class=\"elementskit-post-image-card\">\n                        <div class=\"elementskit-entry-header\">\n                                                            <a href=\"https:\/\/treddy.it\/en\/chiusura-per-festivita-23-12-02-01\/\" class=\"elementskit-entry-thumb\">\n                                    <img decoding=\"async\" src=\"https:\/\/treddy.it\/wp-content\/uploads\/2023\/12\/Buon-Natale-Treddy-768x768.jpg\" alt=\"Chiusura per Festivit\u00e0: 23\/12 &#8211; 02\/01\">\n                                <\/a><!-- .elementskit-entry-thumb END -->\n                                                                                                    <div class=\"elementskit-meta-lists\">\n                                        <div class=\"elementskit-single-meta\"><span class=\"elementskit-meta-wraper\"><strong>21<\/strong>Dec<\/span><\/div>\n                                    <\/div>\n                                                                                            \n                            \n\t\t\t\t\t\t\t\t\t\t\t\t\t<\/div><!-- .elementskit-entry-header END -->\n\n\t\t\t\t\t\t<div class=\"elementskit-post-body\">\n\t\t\t\t\t\t\t\t\t\t\t\t\t\t\t\t\t\t\t\t<h2 class=\"entry-title\">\n\t\t\t\t\t<a href=\"https:\/\/treddy.it\/en\/chiusura-per-festivita-23-12-02-01\/\">\n\t\t\t\t\t\tChiusura per Festivit\u00e0: 23\/12 &#8211; 02\/01\t\t\t\t\t<\/a>\n\t\t\t\t<\/h2>\n\t\t\t\t\t\t\t\t\t\t\t\n\t\t\t\t\t\t\t\t\t\t\t\t\t\t\t\t\t\t\t\t\t\t\t\t\t\n\t\t\t\t\t\t\t\t\n\t\t\t\t\t\t\t\t\t\t\t\t\t\t\t\t\t\t\t\t\t\t\t\t\t\t\t\t\t\t\t\t\t\t\t\t\t\t\t<p>Treddy si ferma per una pausa natalizia. Ci rivediamo il 2 gennaio 2024!<\/p>\n\t\t\t\t\t\t\t\t\t\t\t\t\t\t\t\t\t\t\t\t\t\t                                                    <\/div><!-- .elementskit-post-body END -->\n                    <\/div>\n                \n            <\/div>\n                    <div class=\"col-lg-3 col-md-6\">\n\n                                    <div class=\"elementskit-post-image-card\">\n                        <div class=\"elementskit-entry-header\">\n                                                            <a href=\"https:\/\/treddy.it\/en\/13-dicembre-evento-natalizio-treddy-fody-zimei\/\" class=\"elementskit-entry-thumb\">\n                                    <img decoding=\"async\" src=\"https:\/\/treddy.it\/wp-content\/uploads\/2023\/12\/DSC00146-1.jpg\" alt=\"13 Dicembre: Evento Natalizio Treddy-Fody-Zimei\">\n                                <\/a><!-- .elementskit-entry-thumb END -->\n                                                                                                    <div class=\"elementskit-meta-lists\">\n                                        <div class=\"elementskit-single-meta\"><span class=\"elementskit-meta-wraper\"><strong>12<\/strong>Dec<\/span><\/div>\n                                    <\/div>\n                                                                                            \n                            \n\t\t\t\t\t\t\t\t\t\t\t\t\t<\/div><!-- .elementskit-entry-header END -->\n\n\t\t\t\t\t\t<div class=\"elementskit-post-body\">\n\t\t\t\t\t\t\t\t\t\t\t\t\t\t\t\t\t\t\t\t<h2 class=\"entry-title\">\n\t\t\t\t\t<a href=\"https:\/\/treddy.it\/en\/13-dicembre-evento-natalizio-treddy-fody-zimei\/\">\n\t\t\t\t\t\t13 Dicembre: Evento Natalizio Treddy-Fody-Zimei\t\t\t\t\t<\/a>\n\t\t\t\t<\/h2>\n\t\t\t\t\t\t\t\t\t\t\t\n\t\t\t\t\t\t\t\t\t\t\t\t\t\t\t\t\t\t\t\t\t\t\t\t\t\n\t\t\t\t\t\t\t\t\n\t\t\t\t\t\t\t\t\t\t\t\t\t\t\t\t\t\t\t\t\t\t\t\t\t\t\t\t\t\t\t\t\t\t\t\t\t\t\t<p>Il 23 dicembre Treddy pare le porte per un doppio evento natalizio in collaborazione con Fody Fabrics e con la&hellip;<\/p>\n\t\t\t\t\t\t\t\t\t\t\t\t\t\t\t\t\t\t\t\t\t\t                                                    <\/div><!-- .elementskit-post-body END -->\n                    <\/div>\n                \n            <\/div>\n                    <div class=\"col-lg-3 col-md-6\">\n\n                                    <div class=\"elementskit-post-image-card\">\n                        <div class=\"elementskit-entry-header\">\n                                                            <a href=\"https:\/\/treddy.it\/en\/treddy-a-mecspe-bari-2023-dal-23-al-25-novembre\/\" class=\"elementskit-entry-thumb\">\n                                    <img decoding=\"async\" src=\"https:\/\/treddy.it\/wp-content\/uploads\/2023\/11\/mecspe-768x768.jpg\" alt=\"Treddy a MECSPE BARI 2023 Dal 23 al 25 Novembre\">\n                                <\/a><!-- .elementskit-entry-thumb END -->\n                                                                                                    <div class=\"elementskit-meta-lists\">\n                                        <div class=\"elementskit-single-meta\"><span class=\"elementskit-meta-wraper\"><strong>20<\/strong>Nov<\/span><\/div>\n                                    <\/div>\n                                                                                            \n                            \n\t\t\t\t\t\t\t\t\t\t\t\t\t<\/div><!-- .elementskit-entry-header END -->\n\n\t\t\t\t\t\t<div class=\"elementskit-post-body\">\n\t\t\t\t\t\t\t\t\t\t\t\t\t\t\t\t\t\t\t\t<h2 class=\"entry-title\">\n\t\t\t\t\t<a href=\"https:\/\/treddy.it\/en\/treddy-a-mecspe-bari-2023-dal-23-al-25-novembre\/\">\n\t\t\t\t\t\tTreddy a MECSPE BARI 2023 Dal 23 al 25 Novembre\t\t\t\t\t<\/a>\n\t\t\t\t<\/h2>\n\t\t\t\t\t\t\t\t\t\t\t\n\t\t\t\t\t\t\t\t\t\t\t\t\t\t\t\t\t\t\t\t\t\t\t\t\t\n\t\t\t\t\t\t\t\t\n\t\t\t\t\t\t\t\t\t\t\t\t\t\t\t\t\t\t\t\t\t\t\t\t\t\t\t\t\t\t\t\t\t\t\t\t\t\t\t<p>Treddy sar\u00e0 presente a MECSPE BARI 2023 dal 23 al 25 Novembre presso la Nuova Fiera del Levante.<\/p>\n\t\t\t\t\t\t\t\t\t\t\t\t\t\t\t\t\t\t\t\t\t\t                                                    <\/div><!-- .elementskit-post-body END -->\n                    <\/div>\n                \n            <\/div>\n                    <div class=\"col-lg-3 col-md-6\">\n\n                                    <div class=\"elementskit-post-image-card\">\n                        <div class=\"elementskit-entry-header\">\n                                                            <a href=\"https:\/\/treddy.it\/en\/pmi-day-confindustria-istituto-manthone-in-visita-presso-treddy\/\" class=\"elementskit-entry-thumb\">\n                                    <img decoding=\"async\" src=\"https:\/\/treddy.it\/wp-content\/uploads\/2023\/11\/401360156_311364505003599_5792593580505529307_n-768x768.jpg\" alt=\"PMI DAY Confindustria: Istituto Manthon\u00e8 in visita presso Treddy\">\n                                <\/a><!-- .elementskit-entry-thumb END -->\n                                                                                                    <div class=\"elementskit-meta-lists\">\n                                        <div class=\"elementskit-single-meta\"><span class=\"elementskit-meta-wraper\"><strong>14<\/strong>Nov<\/span><\/div>\n                                    <\/div>\n                                                                                            \n                            \n\t\t\t\t\t\t\t\t\t\t\t\t\t<\/div><!-- .elementskit-entry-header END -->\n\n\t\t\t\t\t\t<div class=\"elementskit-post-body\">\n\t\t\t\t\t\t\t\t\t\t\t\t\t\t\t\t\t\t\t\t<h2 class=\"entry-title\">\n\t\t\t\t\t<a href=\"https:\/\/treddy.it\/en\/pmi-day-confindustria-istituto-manthone-in-visita-presso-treddy\/\">\n\t\t\t\t\t\tPMI DAY Confindustria: Istituto Manthon\u00e8 in visita presso Treddy\t\t\t\t\t<\/a>\n\t\t\t\t<\/h2>\n\t\t\t\t\t\t\t\t\t\t\t\n\t\t\t\t\t\t\t\t\t\t\t\t\t\t\t\t\t\t\t\t\t\t\t\t\t\n\t\t\t\t\t\t\t\t\n\t\t\t\t\t\t\t\t\t\t\t\t\t\t\t\t\t\t\t\t\t\t\t\t\t\t\t\t\t\t\t\t\t\t\t\t\t\t\t<p>Treddy ospiter\u00e0 l&#039;istituto Manthon\u00e8 in visita per il PMI Day organizzato da Confindustria.<\/p>\n\t\t\t\t\t\t\t\t\t\t\t\t\t\t\t\t\t\t\t\t\t\t                                                    <\/div><!-- .elementskit-post-body END -->\n                    <\/div>\n                \n            <\/div>\n                    <div class=\"col-lg-3 col-md-6\">\n\n                                    <div class=\"elementskit-post-image-card\">\n                        <div class=\"elementskit-entry-header\">\n                                                            <a href=\"https:\/\/treddy.it\/en\/pickpoket-treddy-zimei\/\" class=\"elementskit-entry-thumb\">\n                                    <img decoding=\"async\" src=\"https:\/\/treddy.it\/wp-content\/uploads\/2023\/10\/391722945_803672895091995_180486263728562246_n.jpg\" alt=\"Someplace, Sometime, PICKPOKET: Treddy per la Fondazione ZIMEI\">\n                                <\/a><!-- .elementskit-entry-thumb END -->\n                                                                                                    <div class=\"elementskit-meta-lists\">\n                                        <div class=\"elementskit-single-meta\"><span class=\"elementskit-meta-wraper\"><strong>24<\/strong>Oct<\/span><\/div>\n                                    <\/div>\n                                                                                            \n                            \n\t\t\t\t\t\t\t\t\t\t\t\t\t<\/div><!-- .elementskit-entry-header END -->\n\n\t\t\t\t\t\t<div class=\"elementskit-post-body\">\n\t\t\t\t\t\t\t\t\t\t\t\t\t\t\t\t\t\t\t\t<h2 class=\"entry-title\">\n\t\t\t\t\t<a href=\"https:\/\/treddy.it\/en\/pickpoket-treddy-zimei\/\">\n\t\t\t\t\t\tSomeplace, Sometime, PICKPOKET: Treddy per la Fondazione ZIMEI\t\t\t\t\t<\/a>\n\t\t\t\t<\/h2>\n\t\t\t\t\t\t\t\t\t\t\t\n\t\t\t\t\t\t\t\t\t\t\t\t\t\t\t\t\t\t\t\t\t\t\t\t\t\n\t\t\t\t\t\t\t\t\n\t\t\t\t\t\t\t\t\t\t\t\t\t\t\t\t\t\t\t\t\t\t\t\t\t\t\t\t\t\t\t\t\t\t\t\t\t\t\t<p>Treddy si affianca alla Fondazione Zimei nella presentazione di &quot;Somplece Sometime Pickpocket&quot; una mostra che coinvolger\u00e0 18 artisti internazionali dalle&hellip;<\/p>\n\t\t\t\t\t\t\t\t\t\t\t\t\t\t\t\t\t\t\t\t\t\t                                                    <\/div><!-- .elementskit-post-body END -->\n                    <\/div>\n                \n            <\/div>\n                    <div class=\"col-lg-3 col-md-6\">\n\n                                    <div class=\"elementskit-post-image-card\">\n                        <div class=\"elementskit-entry-header\">\n                                                            <a href=\"https:\/\/treddy.it\/en\/treddy-diventa-partner-tecnologico-di-pescara-calcio\/\" class=\"elementskit-entry-thumb\">\n                                    <img decoding=\"async\" src=\"https:\/\/treddy.it\/wp-content\/uploads\/2023\/09\/logo-sponsor-pescara-calcio.webp\" alt=\"Treddy diventa partner tecnologico di Pescara Calcio\">\n                                <\/a><!-- .elementskit-entry-thumb END -->\n                                                                                                    <div class=\"elementskit-meta-lists\">\n                                        <div class=\"elementskit-single-meta\"><span class=\"elementskit-meta-wraper\"><strong>26<\/strong>Sep<\/span><\/div>\n                                    <\/div>\n                                                                                            \n                            \n\t\t\t\t\t\t\t\t\t\t\t\t\t<\/div><!-- .elementskit-entry-header END -->\n\n\t\t\t\t\t\t<div class=\"elementskit-post-body\">\n\t\t\t\t\t\t\t\t\t\t\t\t\t\t\t\t\t\t\t\t<h2 class=\"entry-title\">\n\t\t\t\t\t<a href=\"https:\/\/treddy.it\/en\/treddy-diventa-partner-tecnologico-di-pescara-calcio\/\">\n\t\t\t\t\t\tTreddy diventa partner tecnologico di Pescara Calcio\t\t\t\t\t<\/a>\n\t\t\t\t<\/h2>\n\t\t\t\t\t\t\t\t\t\t\t\n\t\t\t\t\t\t\t\t\t\t\t\t\t\t\t\t\t\t\t\t\t\t\t\t\t\n\t\t\t\t\t\t\t\t\n\t\t\t\t\t\t\t\t\t\t\t\t\t\t\t\t\t\t\t\t\t\t\t\t\t\t\t\t\t\t\t\t\t\t\t\t\t\t\t<p>Treddy diventa sponsor ufficiale e partner tecnologico della societ\u00e0 sportiva Pescara Calcio e della corrispettiva Academy per nuovi talenti sportivi.&hellip;<\/p>\n\t\t\t\t\t\t\t\t\t\t\t\t\t\t\t\t\t\t\t\t\t\t                                                    <\/div><!-- .elementskit-post-body END -->\n                    <\/div>\n                \n            <\/div>\n                    <div class=\"col-lg-3 col-md-6\">\n\n                                    <div class=\"elementskit-post-image-card\">\n                        <div class=\"elementskit-entry-header\">\n                                                            <a href=\"https:\/\/treddy.it\/en\/treddy-e-la-prima-additive-valley-italiana\/\" class=\"elementskit-entry-thumb\">\n                                    <img decoding=\"async\" src=\"https:\/\/treddy.it\/wp-content\/uploads\/2023\/09\/additive-valley.webp\" alt=\"Treddy nella prima Additive Valley Italiana\">\n                                <\/a><!-- .elementskit-entry-thumb END -->\n                                                                                                    <div class=\"elementskit-meta-lists\">\n                                        <div class=\"elementskit-single-meta\"><span class=\"elementskit-meta-wraper\"><strong>11<\/strong>Sep<\/span><\/div>\n                                    <\/div>\n                                                                                            \n                            \n\t\t\t\t\t\t\t\t\t\t\t\t\t<\/div><!-- .elementskit-entry-header END -->\n\n\t\t\t\t\t\t<div class=\"elementskit-post-body\">\n\t\t\t\t\t\t\t\t\t\t\t\t\t\t\t\t\t\t\t\t<h2 class=\"entry-title\">\n\t\t\t\t\t<a href=\"https:\/\/treddy.it\/en\/treddy-e-la-prima-additive-valley-italiana\/\">\n\t\t\t\t\t\tTreddy nella prima Additive Valley Italiana\t\t\t\t\t<\/a>\n\t\t\t\t<\/h2>\n\t\t\t\t\t\t\t\t\t\t\t\n\t\t\t\t\t\t\t\t\t\t\t\t\t\t\t\t\t\t\t\t\t\t\t\t\t\n\t\t\t\t\t\t\t\t\n\t\t\t\t\t\t\t\t\t\t\t\t\t\t\t\t\t\t\t\t\t\t\t\t\t\t\t\t\t\t\t\t\t\t\t\t\t\t\t<p>Dalla collaborazione tra Treddy e Rimas nasce la prima Additive Valley Italiana, l&#039;area industriale tutta dedicata alla stampa 3D e&hellip;<\/p>\n\t\t\t\t\t\t\t\t\t\t\t\t\t\t\t\t\t\t\t\t\t\t                                                    <\/div><!-- .elementskit-post-body END -->\n                    <\/div>\n                \n            <\/div>\n                    <div class=\"col-lg-3 col-md-6\">\n\n                                    <div class=\"elementskit-post-image-card\">\n                        <div class=\"elementskit-entry-header\">\n                                                            <a href=\"https:\/\/treddy.it\/en\/treddy-dona-il-premio-di-riconoscimento-al-campione-mondiale-nando-dagostino\/\" class=\"elementskit-entry-thumb\">\n                                    <img decoding=\"async\" src=\"https:\/\/treddy.it\/wp-content\/uploads\/2023\/08\/Premiazione-dagostino-e1695982583141.jpg\" alt=\"Treddy dona il premio di riconoscimento al Campione Mondiale Nando D&#8217;Agostino\">\n                                <\/a><!-- .elementskit-entry-thumb END -->\n                                                                                                    <div class=\"elementskit-meta-lists\">\n                                        <div class=\"elementskit-single-meta\"><span class=\"elementskit-meta-wraper\"><strong>10<\/strong>Aug<\/span><\/div>\n                                    <\/div>\n                                                                                            \n                            \n\t\t\t\t\t\t\t\t\t\t\t\t\t<\/div><!-- .elementskit-entry-header END -->\n\n\t\t\t\t\t\t<div class=\"elementskit-post-body\">\n\t\t\t\t\t\t\t\t\t\t\t\t\t\t\t\t\t\t\t\t<h2 class=\"entry-title\">\n\t\t\t\t\t<a href=\"https:\/\/treddy.it\/en\/treddy-dona-il-premio-di-riconoscimento-al-campione-mondiale-nando-dagostino\/\">\n\t\t\t\t\t\tTreddy dona il premio di riconoscimento al Campione Mondiale Nando D&#8217;Agostino\t\t\t\t\t<\/a>\n\t\t\t\t<\/h2>\n\t\t\t\t\t\t\t\t\t\t\t\n\t\t\t\t\t\t\t\t\t\t\t\t\t\t\t\t\t\t\t\t\t\t\t\t\t\n\t\t\t\t\t\t\t\t\n\t\t\t\t\t\t\t\t\t\t\t\t\t\t\t\t\t\t\t\t\t\t\t\t\t\t\t\t\t\t\t\t\t\t\t\t\t\t\t<p>Treddy consegna un riconoscimento speciale all&#039;atleta Nando D\u2019Agostino, medaglia d&#039;oro nei 1500 metri di marcia alla sesta edizione dei Virtus&hellip;<\/p>\n\t\t\t\t\t\t\t\t\t\t\t\t\t\t\t\t\t\t\t\t\t\t                                                    <\/div><!-- .elementskit-post-body END -->\n                    <\/div>\n                \n            <\/div>\n                    <div class=\"col-lg-3 col-md-6\">\n\n                                    <div class=\"elementskit-post-image-card\">\n                        <div class=\"elementskit-entry-header\">\n                                                            <a href=\"https:\/\/treddy.it\/en\/treddy-premiata-come-eccellenza-del-made-in-italy\/\" class=\"elementskit-entry-thumb\">\n                                    <img decoding=\"async\" src=\"https:\/\/treddy.it\/wp-content\/uploads\/2023\/07\/Italia-Del-Merito-768x768.jpg\" alt=\"Treddy Premiata come Eccellenza del Made In Italy\">\n                                <\/a><!-- .elementskit-entry-thumb END -->\n                                                                                                    <div class=\"elementskit-meta-lists\">\n                                        <div class=\"elementskit-single-meta\"><span class=\"elementskit-meta-wraper\"><strong>10<\/strong>Jul<\/span><\/div>\n                                    <\/div>\n                                                                                            \n                            \n\t\t\t\t\t\t\t\t\t\t\t\t\t<\/div><!-- .elementskit-entry-header END -->\n\n\t\t\t\t\t\t<div class=\"elementskit-post-body\">\n\t\t\t\t\t\t\t\t\t\t\t\t\t\t\t\t\t\t\t\t<h2 class=\"entry-title\">\n\t\t\t\t\t<a href=\"https:\/\/treddy.it\/en\/treddy-premiata-come-eccellenza-del-made-in-italy\/\">\n\t\t\t\t\t\tTreddy Premiata come Eccellenza del Made In Italy\t\t\t\t\t<\/a>\n\t\t\t\t<\/h2>\n\t\t\t\t\t\t\t\t\t\t\t\n\t\t\t\t\t\t\t\t\t\t\t\t\t\t\t\t\t\t\t\t\t\t\t\t\t\n\t\t\t\t\t\t\t\t\n\t\t\t\t\t\t\t\t\t\t\t\t\t\t\t\t\t\t\t\t\t\t\t\t\t\t\t\t\t\t\t\t\t\t\t\t\t\t\t<p>Marted\u00ec 11 Luglio ore 16:00 saremo presenti nel prestigioso contesto della Sala Regina della Camera Dei Deputati, ospiti della giornalista&hellip;<\/p>\n\t\t\t\t\t\t\t\t\t\t\t\t\t\t\t\t\t\t\t\t\t\t                                                    <\/div><!-- .elementskit-post-body END -->\n                    <\/div>\n                \n            <\/div>\n                    <div class=\"col-lg-3 col-md-6\">\n\n                                    <div class=\"elementskit-post-image-card\">\n                        <div class=\"elementskit-entry-header\">\n                                                            <a href=\"https:\/\/treddy.it\/en\/6-7-8-luglio-2023-tornano-gli-additive-days-in-treddy\/\" class=\"elementskit-entry-thumb\">\n                                    <img decoding=\"async\" src=\"https:\/\/treddy.it\/wp-content\/uploads\/2023\/06\/Social-ADS-Additive-Days-768x768.jpg\" alt=\"6-7-8 Luglio 2023 Tornano gli Additive Days in Treddy!\">\n                                <\/a><!-- .elementskit-entry-thumb END -->\n                                                                                                    <div class=\"elementskit-meta-lists\">\n                                        <div class=\"elementskit-single-meta\"><span class=\"elementskit-meta-wraper\"><strong>23<\/strong>Jun<\/span><\/div>\n                                    <\/div>\n                                                                                            \n                            \n\t\t\t\t\t\t\t\t\t\t\t\t\t<\/div><!-- .elementskit-entry-header END -->\n\n\t\t\t\t\t\t<div class=\"elementskit-post-body\">\n\t\t\t\t\t\t\t\t\t\t\t\t\t\t\t\t\t\t\t\t<h2 class=\"entry-title\">\n\t\t\t\t\t<a href=\"https:\/\/treddy.it\/en\/6-7-8-luglio-2023-tornano-gli-additive-days-in-treddy\/\">\n\t\t\t\t\t\t6-7-8 Luglio 2023 Tornano gli Additive Days in Treddy!\t\t\t\t\t<\/a>\n\t\t\t\t<\/h2>\n\t\t\t\t\t\t\t\t\t\t\t\n\t\t\t\t\t\t\t\t\t\t\t\t\t\t\t\t\t\t\t\t\t\t\t\t\t\n\t\t\t\t\t\t\t\t\n\t\t\t\t\t\t\t\t\t\t\t\t\t\t\t\t\t\t\t\t\t\t\t\t\t\t\t\t\t\t\t\t\t\t\t\t\t\t\t<p>Treddy vi aspetta il \ud835\udfed\ud835\udff1-\ud835\udfed\ud835\udff2 \ud835\uddf2 \ud835\udfed\ud835\udff3 \ud835\uddf4\ud835\uddf6\ud835\ude02\ud835\uddf4\ud835\uddfb\ud835\uddfc a Rimini Fiera per We Make Future 2023! Vi aspettiamo presso lo&hellip;<\/p>\n\t\t\t\t\t\t\t\t\t\t\t\t\t\t\t\t\t\t\t\t\t\t                                                    <\/div><!-- .elementskit-post-body END -->\n                    <\/div>\n                \n            <\/div>\n                    <div class=\"col-lg-3 col-md-6\">\n\n                                    <div class=\"elementskit-post-image-card\">\n                        <div class=\"elementskit-entry-header\">\n                                                            <a href=\"https:\/\/treddy.it\/en\/15-16-17-giugno-siamo-a-we-make-future\/\" class=\"elementskit-entry-thumb\">\n                                    <img decoding=\"async\" src=\"https:\/\/treddy.it\/wp-content\/uploads\/2023\/06\/wmf-768x768.jpg\" alt=\"15-16-17 Giugno siamo a We Make Future\">\n                                <\/a><!-- .elementskit-entry-thumb END -->\n                                                                                                    <div class=\"elementskit-meta-lists\">\n                                        <div class=\"elementskit-single-meta\"><span class=\"elementskit-meta-wraper\"><strong>14<\/strong>Jun<\/span><\/div>\n                                    <\/div>\n                                                                                            \n                            \n\t\t\t\t\t\t\t\t\t\t\t\t\t<\/div><!-- .elementskit-entry-header END -->\n\n\t\t\t\t\t\t<div class=\"elementskit-post-body\">\n\t\t\t\t\t\t\t\t\t\t\t\t\t\t\t\t\t\t\t\t<h2 class=\"entry-title\">\n\t\t\t\t\t<a href=\"https:\/\/treddy.it\/en\/15-16-17-giugno-siamo-a-we-make-future\/\">\n\t\t\t\t\t\t15-16-17 Giugno siamo a We Make Future\t\t\t\t\t<\/a>\n\t\t\t\t<\/h2>\n\t\t\t\t\t\t\t\t\t\t\t\n\t\t\t\t\t\t\t\t\t\t\t\t\t\t\t\t\t\t\t\t\t\t\t\t\t\n\t\t\t\t\t\t\t\t\n\t\t\t\t\t\t\t\t\t\t\t\t\t\t\t\t\t\t\t\t\t\t\t\t\t\t\t\t\t\t\t\t\t\t\t\t\t\t\t<p>Treddy vi aspetta il \ud835\udfed\ud835\udff1-\ud835\udfed\ud835\udff2 \ud835\uddf2 \ud835\udfed\ud835\udff3 \ud835\uddf4\ud835\uddf6\ud835\ude02\ud835\uddf4\ud835\uddfb\ud835\uddfc a Rimini Fiera per We Make Future 2023! Vi aspettiamo presso lo&hellip;<\/p>\n\t\t\t\t\t\t\t\t\t\t\t\t\t\t\t\t\t\t\t\t\t\t                                                    <\/div><!-- .elementskit-post-body END -->\n                    <\/div>\n                \n            <\/div>\n                    <div class=\"col-lg-3 col-md-6\">\n\n                                    <div class=\"elementskit-post-image-card\">\n                        <div class=\"elementskit-entry-header\">\n                                                            <a href=\"https:\/\/treddy.it\/en\/premiazione-progetto-3delfico-presso-il-comune-di-montesilvano\/\" class=\"elementskit-entry-thumb\">\n                                    <img decoding=\"async\" src=\"https:\/\/treddy.it\/wp-content\/uploads\/2023\/05\/New-Project.webp\" alt=\"Premiazione Progetto 3Delfico presso il comune di Montesilvano\">\n                                <\/a><!-- .elementskit-entry-thumb END -->\n                                                                                                    <div class=\"elementskit-meta-lists\">\n                                        <div class=\"elementskit-single-meta\"><span class=\"elementskit-meta-wraper\"><strong>26<\/strong>May<\/span><\/div>\n                                    <\/div>\n                                                                                            \n                            \n\t\t\t\t\t\t\t\t\t\t\t\t\t<\/div><!-- .elementskit-entry-header END -->\n\n\t\t\t\t\t\t<div class=\"elementskit-post-body\">\n\t\t\t\t\t\t\t\t\t\t\t\t\t\t\t\t\t\t\t\t<h2 class=\"entry-title\">\n\t\t\t\t\t<a href=\"https:\/\/treddy.it\/en\/premiazione-progetto-3delfico-presso-il-comune-di-montesilvano\/\">\n\t\t\t\t\t\tPremiazione Progetto 3Delfico presso il comune di Montesilvano\t\t\t\t\t<\/a>\n\t\t\t\t<\/h2>\n\t\t\t\t\t\t\t\t\t\t\t\n\t\t\t\t\t\t\t\t\t\t\t\t\t\t\t\t\t\t\t\t\t\t\t\t\t\n\t\t\t\t\t\t\t\t\n\t\t\t\t\t\t\t\t\t\t\t\t\t\t\t\t\t\t\t\t\t\t\t\t\t\t\t\t\t\t\t\t\t\t\t\t\t\t\t<p>Si \u00e8 concluso questa mattina il percorso creativo degli studenti dell&#039; I.C. Troiano Delfico di #Montesilvano per il progetto #3Delfico!&hellip;<\/p>\n\t\t\t\t\t\t\t\t\t\t\t\t\t\t\t\t\t\t\t\t\t\t                                                    <\/div><!-- .elementskit-post-body END -->\n                    <\/div>\n                \n            <\/div>\n                    <div class=\"col-lg-3 col-md-6\">\n\n                                    <div class=\"elementskit-post-image-card\">\n                        <div class=\"elementskit-entry-header\">\n                                                            <a href=\"https:\/\/treddy.it\/en\/3delfico-premiazione\/\" class=\"elementskit-entry-thumb\">\n                                    <img decoding=\"async\" src=\"https:\/\/treddy.it\/wp-content\/uploads\/2023\/03\/progetto-3Delfico-2-768x768.jpg\" alt=\"26 Maggio 2023 -Premiazione vincitori Progetto 3Delfico\">\n                                <\/a><!-- .elementskit-entry-thumb END -->\n                                                                                                    <div class=\"elementskit-meta-lists\">\n                                        <div class=\"elementskit-single-meta\"><span class=\"elementskit-meta-wraper\"><strong>03<\/strong>May<\/span><\/div>\n                                    <\/div>\n                                                                                            \n                            \n\t\t\t\t\t\t\t\t\t\t\t\t\t<\/div><!-- .elementskit-entry-header END -->\n\n\t\t\t\t\t\t<div class=\"elementskit-post-body\">\n\t\t\t\t\t\t\t\t\t\t\t\t\t\t\t\t\t\t\t\t<h2 class=\"entry-title\">\n\t\t\t\t\t<a href=\"https:\/\/treddy.it\/en\/3delfico-premiazione\/\">\n\t\t\t\t\t\t26 Maggio 2023 -Premiazione vincitori Progetto 3Delfico\t\t\t\t\t<\/a>\n\t\t\t\t<\/h2>\n\t\t\t\t\t\t\t\t\t\t\t\n\t\t\t\t\t\t\t\t\t\t\t\t\t\t\t\t\t\t\t\t\t\t\t\t\t\n\t\t\t\t\t\t\t\t\n\t\t\t\t\t\t\t\t\t\t\t\t\t\t\t\t\t\t\t\t\t\t\t\t\t\t\t\t\t\t\t\t\t\t\t\t\t\t\t<p>Il 26 maggio 2023 si terr\u00e0 la premiazione ufficiale dei lavori vincitori del contest, presso il Comune di Montesilvano.Rimanete in&hellip;<\/p>\n\t\t\t\t\t\t\t\t\t\t\t\t\t\t\t\t\t\t\t\t\t\t                                                    <\/div><!-- .elementskit-post-body END -->\n                    <\/div>\n                \n            <\/div>\n                    <div class=\"col-lg-3 col-md-6\">\n\n                                    <div class=\"elementskit-post-image-card\">\n                        <div class=\"elementskit-entry-header\">\n                                                            <a href=\"https:\/\/treddy.it\/en\/treddy-al-salone-del-mobile-euroluce-2023\/\" class=\"elementskit-entry-thumb\">\n                                    <img decoding=\"async\" src=\"https:\/\/treddy.it\/wp-content\/uploads\/2023\/04\/EUROLUCE-2-768x768.jpg\" alt=\"Treddy al Salone del Mobile &#8211; EUROLUCE 2023\">\n                                <\/a><!-- .elementskit-entry-thumb END -->\n                                                                                                    <div class=\"elementskit-meta-lists\">\n                                        <div class=\"elementskit-single-meta\"><span class=\"elementskit-meta-wraper\"><strong>18<\/strong>Apr<\/span><\/div>\n                                    <\/div>\n                                                                                            \n                            \n\t\t\t\t\t\t\t\t\t\t\t\t\t<\/div><!-- .elementskit-entry-header END -->\n\n\t\t\t\t\t\t<div class=\"elementskit-post-body\">\n\t\t\t\t\t\t\t\t\t\t\t\t\t\t\t\t\t\t\t\t<h2 class=\"entry-title\">\n\t\t\t\t\t<a href=\"https:\/\/treddy.it\/en\/treddy-al-salone-del-mobile-euroluce-2023\/\">\n\t\t\t\t\t\tTreddy al Salone del Mobile &#8211; EUROLUCE 2023\t\t\t\t\t<\/a>\n\t\t\t\t<\/h2>\n\t\t\t\t\t\t\t\t\t\t\t\n\t\t\t\t\t\t\t\t\t\t\t\t\t\t\t\t\t\t\t\t\t\t\t\t\t\n\t\t\t\t\t\t\t\t\n\t\t\t\t\t\t\t\t\t\t\t\t\t\t\t\t\t\t\t\t\t\t\t\t\t\t\t\t\t\t\t\t\t\t\t\t\t\t\t<p>Treddy al Salone del Mobile &#8211; EUROLUCE 2023 Treddy vi aspetta a \ud835\uddd8\ud835\ude02\ud835\uddff\ud835\uddfc\ud835\uddf9\ud835\ude02\ud835\uddf0\ud835\uddf2, presso il \ud835\udde6\ud835\uddee\ud835\uddf9\ud835\uddfc\ud835\uddfb\ud835\uddf2 \ud835\uddf1\ud835\uddf2\ud835\uddf9 \ud835\udde0\ud835\uddfc\ud835\uddef\ud835\uddf6\ud835\uddf9\ud835\uddf2 \ud835\uddf1\ud835\uddf6 \ud835\udde0\ud835\uddf6\ud835\uddf9\ud835\uddee\ud835\uddfb\ud835\uddfc,&hellip;<\/p>\n\t\t\t\t\t\t\t\t\t\t\t\t\t\t\t\t\t\t\t\t\t\t                                                    <\/div><!-- .elementskit-post-body END -->\n                    <\/div>\n                \n            <\/div>\n                    <div class=\"col-lg-3 col-md-6\">\n\n                                    <div class=\"elementskit-post-image-card\">\n                        <div class=\"elementskit-entry-header\">\n                                                            <a href=\"https:\/\/treddy.it\/en\/treddy-mecspe-2023\/\" class=\"elementskit-entry-thumb\">\n                                    <img decoding=\"async\" src=\"https:\/\/treddy.it\/wp-content\/uploads\/2023\/03\/MECSPE-1.jpg\" alt=\"Treddy a MECSPE 2023\">\n                                <\/a><!-- .elementskit-entry-thumb END -->\n                                                                                                    <div class=\"elementskit-meta-lists\">\n                                        <div class=\"elementskit-single-meta\"><span class=\"elementskit-meta-wraper\"><strong>28<\/strong>Mar<\/span><\/div>\n                                    <\/div>\n                                                                                            \n                            \n\t\t\t\t\t\t\t\t\t\t\t\t\t<\/div><!-- .elementskit-entry-header END -->\n\n\t\t\t\t\t\t<div class=\"elementskit-post-body\">\n\t\t\t\t\t\t\t\t\t\t\t\t\t\t\t\t\t\t\t\t<h2 class=\"entry-title\">\n\t\t\t\t\t<a href=\"https:\/\/treddy.it\/en\/treddy-mecspe-2023\/\">\n\t\t\t\t\t\tTreddy a MECSPE 2023\t\t\t\t\t<\/a>\n\t\t\t\t<\/h2>\n\t\t\t\t\t\t\t\t\t\t\t\n\t\t\t\t\t\t\t\t\t\t\t\t\t\t\t\t\t\t\t\t\t\t\t\t\t\n\t\t\t\t\t\t\t\t\n\t\t\t\t\t\t\t\t\t\t\t\t\t\t\t\t\t\t\t\t\t\t\t\t\t\t\t\t\t\t\t\t\t\t\t\t\t\t\t<p>Treddy a MECSPE 2023 Dal 29 al 31 marzo 2023 Treddy vi aspetta a Bologna Fiere per la 21esima edizione&hellip;<\/p>\n\t\t\t\t\t\t\t\t\t\t\t\t\t\t\t\t\t\t\t\t\t\t                                                    <\/div><!-- .elementskit-post-body END -->\n                    <\/div>\n                \n            <\/div>\n                    <div class=\"col-lg-3 col-md-6\">\n\n                                    <div class=\"elementskit-post-image-card\">\n                        <div class=\"elementskit-entry-header\">\n                                                            <a href=\"https:\/\/treddy.it\/en\/news-backstagepro\/\" class=\"elementskit-entry-thumb\">\n                                    <img decoding=\"async\" src=\"https:\/\/treddy.it\/wp-content\/uploads\/2023\/03\/Treddy-Backstage-1-768x768.jpg\" alt=\"Nuovo Servizio Backstage PRO\">\n                                <\/a><!-- .elementskit-entry-thumb END -->\n                                                                                                    <div class=\"elementskit-meta-lists\">\n                                        <div class=\"elementskit-single-meta\"><span class=\"elementskit-meta-wraper\"><strong>16<\/strong>Mar<\/span><\/div>\n                                    <\/div>\n                                                                                            \n                            \n\t\t\t\t\t\t\t\t\t\t\t\t\t<\/div><!-- .elementskit-entry-header END -->\n\n\t\t\t\t\t\t<div class=\"elementskit-post-body\">\n\t\t\t\t\t\t\t\t\t\t\t\t\t\t\t\t\t\t\t\t<h2 class=\"entry-title\">\n\t\t\t\t\t<a href=\"https:\/\/treddy.it\/en\/news-backstagepro\/\">\n\t\t\t\t\t\tNuovo Servizio Backstage PRO\t\t\t\t\t<\/a>\n\t\t\t\t<\/h2>\n\t\t\t\t\t\t\t\t\t\t\t\n\t\t\t\t\t\t\t\t\t\t\t\t\t\t\t\t\t\t\t\t\t\t\t\t\t\n\t\t\t\t\t\t\t\t\n\t\t\t\t\t\t\t\t\t\t\t\t\t\t\t\t\t\t\t\t\t\t\t\t\t\t\t\t\t\t\t\t\t\t\t\t\t\t\t<p>Oggi presentiamo Treddy Backstage PRO. Da oggi avrai a disposizione un service foto\/video professionale, con personale specializzato, per i tuoi&hellip;<\/p>\n\t\t\t\t\t\t\t\t\t\t\t\t\t\t\t\t\t\t\t\t\t\t                                                    <\/div><!-- .elementskit-post-body END -->\n                    <\/div>\n                \n            <\/div>\n                    <div class=\"col-lg-3 col-md-6\">\n\n                                    <div class=\"elementskit-post-image-card\">\n                        <div class=\"elementskit-entry-header\">\n                                                            <a href=\"https:\/\/treddy.it\/en\/news-progetto-3delfico\/\" class=\"elementskit-entry-thumb\">\n                                    <img decoding=\"async\" src=\"https:\/\/treddy.it\/wp-content\/uploads\/2023\/03\/progetto-3Delfico-2-768x768.jpg\" alt=\"Progetto 3Delfico\">\n                                <\/a><!-- .elementskit-entry-thumb END -->\n                                                                                                    <div class=\"elementskit-meta-lists\">\n                                        <div class=\"elementskit-single-meta\"><span class=\"elementskit-meta-wraper\"><strong>01<\/strong>Mar<\/span><\/div>\n                                    <\/div>\n                                                                                            \n                            \n\t\t\t\t\t\t\t\t\t\t\t\t\t<\/div><!-- .elementskit-entry-header END -->\n\n\t\t\t\t\t\t<div class=\"elementskit-post-body\">\n\t\t\t\t\t\t\t\t\t\t\t\t\t\t\t\t\t\t\t\t<h2 class=\"entry-title\">\n\t\t\t\t\t<a href=\"https:\/\/treddy.it\/en\/news-progetto-3delfico\/\">\n\t\t\t\t\t\tProgetto 3Delfico\t\t\t\t\t<\/a>\n\t\t\t\t<\/h2>\n\t\t\t\t\t\t\t\t\t\t\t\n\t\t\t\t\t\t\t\t\t\t\t\t\t\t\t\t\t\t\t\t\t\t\t\t\t\n\t\t\t\t\t\t\t\t\n\t\t\t\t\t\t\t\t\t\t\t\t\t\t\t\t\t\t\t\t\t\t\t\t\t\t\t\t\t\t\t\t\t\t\t\t\t\t\t<p>Progetto 3Delfico: la scuola tra passato, presente e futuro Il &#8220;Progetto 3Delfico: la scuola tra passato, presente e futuro&#8221; vede&hellip;<\/p>\n\t\t\t\t\t\t\t\t\t\t\t\t\t\t\t\t\t\t\t\t\t\t                                                    <\/div><!-- .elementskit-post-body END -->\n                    <\/div>\n                \n            <\/div>\n                <\/div>\n       <\/div>\t\t\t\t<\/div>\n\t\t\t\t<\/div>\n\t\t\t\t\t<\/div>\n\t\t<\/div>\n\t\t\t\t\t<\/div>\n\t\t<\/section>\n\t\t\t\t<\/div>","protected":false},"excerpt":{"rendered":"<p>News Tutte le ultime notizie ed aggiornamenti su Treddy. 02Apr Treddy alla Milano Design Week 2025: tutte le iniziative Scopri le innovative soluzioni di stampa 3D di Treddy alla Milano Design Week 2025: design, arredo e tecnologia per trasformare&hellip; 03Feb Treddy e Fantic Racing: Tecnologia di Stampa 3D al Servizio della Moto2 Treddy \u00e8 sponsor [&hellip;]<\/p>\n","protected":false},"author":1,"featured_media":0,"parent":0,"menu_order":33,"comment_status":"closed","ping_status":"closed","template":"","meta":{"footnotes":""},"class_list":["post-3045","page","type-page","status-publish","hentry"],"aioseo_notices":[],"_links":{"self":[{"href":"https:\/\/treddy.it\/en\/wp-json\/wp\/v2\/pages\/3045","targetHints":{"allow":["GET"]}}],"collection":[{"href":"https:\/\/treddy.it\/en\/wp-json\/wp\/v2\/pages"}],"about":[{"href":"https:\/\/treddy.it\/en\/wp-json\/wp\/v2\/types\/page"}],"author":[{"embeddable":true,"href":"https:\/\/treddy.it\/en\/wp-json\/wp\/v2\/users\/1"}],"replies":[{"embeddable":true,"href":"https:\/\/treddy.it\/en\/wp-json\/wp\/v2\/comments?post=3045"}],"version-history":[{"count":26,"href":"https:\/\/treddy.it\/en\/wp-json\/wp\/v2\/pages\/3045\/revisions"}],"predecessor-version":[{"id":8472,"href":"https:\/\/treddy.it\/en\/wp-json\/wp\/v2\/pages\/3045\/revisions\/8472"}],"wp:attachment":[{"href":"https:\/\/treddy.it\/en\/wp-json\/wp\/v2\/media?parent=3045"}],"curies":[{"name":"wp","href":"https:\/\/api.w.org\/{rel}","templated":true}]}}